{"id":6488,"date":"2025-11-12T13:33:23","date_gmt":"2025-11-12T12:33:23","guid":{"rendered":"https:\/\/demo.deifiori.it\/buchen\/faq\/"},"modified":"2026-04-03T16:01:37","modified_gmt":"2026-04-03T14:01:37","slug":"faq","status":"publish","type":"page","link":"https:\/\/www.deifiori.it\/de\/buchen\/faq\/","title":{"rendered":"FAQ"},"content":{"rendered":"\t\t<div data-elementor-type=\"wp-page\" data-elementor-id=\"6488\" class=\"elementor elementor-6488 elementor-2025\" data-elementor-post-type=\"page\">\n\t\t\t\t<div class=\"elementor-element elementor-element-65a38ed e-flex e-con-boxed e-con e-parent\" data-id=\"65a38ed\" data-element_type=\"container\" data-e-type=\"container\" data-settings=\"{&quot;background_background&quot;:&quot;classic&quot;}\">\n\t\t\t\t\t<div class=\"e-con-inner\">\n\t\t<div class=\"elementor-element elementor-element-d45eb0a e-con-full e-flex e-con e-child\" data-id=\"d45eb0a\" data-element_type=\"container\" data-e-type=\"container\">\n\t\t\t\t<div class=\"elementor-element elementor-element-d65bdac elementor-widget elementor-widget-heading\" data-id=\"d65bdac\" data-element_type=\"widget\" data-e-type=\"widget\" data-widget_type=\"heading.default\">\n\t\t\t\t\t<h3 class=\"elementor-heading-title elementor-size-default\">Informationen und Reservierungen<\/h3>\t\t\t\t<\/div>\n\t\t\t\t<\/div>\n\t\t\t\t<div class=\"elementor-element elementor-element-3a71d02 elementor-hidden-mobile elementor-invisible elementor-widget elementor-widget-template\" data-id=\"3a71d02\" data-element_type=\"widget\" data-e-type=\"widget\" data-settings=\"{&quot;_animation&quot;:&quot;fadeInUp&quot;}\" data-widget_type=\"template.default\">\n\t\t\t\t<div class=\"elementor-widget-container\">\n\t\t\t\t\t\t\t<div class=\"elementor-template\">\n\t\t\t\t\t<div data-elementor-type=\"container\" data-elementor-id=\"6503\" class=\"elementor elementor-6503 elementor-601 elementor-601\" data-elementor-post-type=\"elementor_library\">\n\t\t\t\t<a class=\"elementor-element elementor-element-5c26cc01 e-con-full e-flex e-con e-child\" data-id=\"5c26cc01\" data-element_type=\"container\" data-e-type=\"container\" href=\"#esplora\" aria-label=\"Bring to content\">\n\t\t\t\t<div class=\"elementor-element elementor-element-4af3aab0 elementor-widget elementor-widget-heading\" data-id=\"4af3aab0\" data-element_type=\"widget\" data-e-type=\"widget\" data-widget_type=\"heading.default\">\n\t\t\t\t\t<div class=\"elementor-heading-title elementor-size-default\"><a href=\"#esplora\" aria-label=\"Bring to content\">ERKUNDEN<\/a><\/div>\t\t\t\t<\/div>\n\t\t\t\t<div class=\"elementor-element elementor-element-2cfb51f7 elementor-view-default elementor-widget elementor-widget-icon\" data-id=\"2cfb51f7\" data-element_type=\"widget\" data-e-type=\"widget\" data-widget_type=\"icon.default\">\n\t\t\t\t\t\t\t<div class=\"elementor-icon-wrapper\">\n\t\t\t<a class=\"elementor-icon\" href=\"#esplora\" aria-label=\"Bring to content\">\n\t\t\t<svg xmlns=\"http:\/\/www.w3.org\/2000\/svg\" id=\"Livello_1\" viewBox=\"0 0 30 30\"><defs><style>      .st0 {        fill-rule: evenodd;      }    <\/style><\/defs><path class=\"st0\" d=\"M15.4,25.8l11.1-9.8.5.5-11.7,10.4-.3.2-.3-.2L3,16.4l.5-.5,11.1,9.8V3h.7v22.8Z\"><\/path><\/svg>\t\t\t<\/a>\n\t\t<\/div>\n\t\t\t\t\t\t<\/div>\n\t\t\t\t<\/a>\n\t\t\t\t<\/div>\n\t\t\t\t<\/div>\n\t\t\t\t\t\t<\/div>\n\t\t\t\t<\/div>\n\t\t\t\t\t<\/div>\n\t\t\t\t<\/div>\n\t\t<div class=\"elementor-element elementor-element-74a9ec8 e-flex e-con-boxed e-con e-parent\" data-id=\"74a9ec8\" data-element_type=\"container\" data-e-type=\"container\">\n\t\t\t\t\t<div class=\"e-con-inner\">\n\t\t\t\t<div class=\"elementor-element elementor-element-8c492f4 elementor-widget elementor-widget-spacer\" data-id=\"8c492f4\" data-element_type=\"widget\" data-e-type=\"widget\" data-widget_type=\"spacer.default\">\n\t\t\t\t\t\t\t<div class=\"elementor-spacer\">\n\t\t\t<div class=\"elementor-spacer-inner\"><\/div>\n\t\t<\/div>\n\t\t\t\t\t\t<\/div>\n\t\t\t\t<div class=\"elementor-element elementor-element-655e517 elementor-widget elementor-widget-heading\" data-id=\"655e517\" data-element_type=\"widget\" data-e-type=\"widget\" data-widget_type=\"heading.default\">\n\t\t\t\t\t<h2 class=\"elementor-heading-title elementor-size-default\">Reservierungen \/ Einchecken \/ Auschecken<\/h2>\t\t\t\t<\/div>\n\t\t\t\t<div class=\"elementor-element elementor-element-d0ffc5c elementor-widget-divider--view-line elementor-widget elementor-widget-divider\" data-id=\"d0ffc5c\" data-element_type=\"widget\" data-e-type=\"widget\" data-widget_type=\"divider.default\">\n\t\t\t\t\t\t\t<div class=\"elementor-divider\">\n\t\t\t<span class=\"elementor-divider-separator\">\n\t\t\t\t\t\t<\/span>\n\t\t<\/div>\n\t\t\t\t\t\t<\/div>\n\t\t\t\t<div class=\"elementor-element elementor-element-733789a elementor-widget elementor-widget-text-editor\" data-id=\"733789a\" data-element_type=\"widget\" data-e-type=\"widget\" data-widget_type=\"text-editor.default\">\n\t\t\t\t\t\t\t\t\t<h3>Wie kann ich eine Reservierung vornehmen?<\/h3>\n<p>Alle Stellpl\u00e4tze und Wohneinheiten k\u00f6nnen \u00fcber unser Online-Booking System oder \u00fcber das Booking Office unter der Nummer +39 041 966 448 oder an der E-Mail\u00a0\u00a0<a href=\"mailto:fiori@vacanze-natura.it\">fiori@vacanze-natura.it<\/a>\u00a0 gebucht werden.<\/p>\n\t\t\t\t\t\t\t\t<\/div>\n\t\t\t\t<div class=\"elementor-element elementor-element-79f40d1 elementor-widget elementor-widget-text-editor\" data-id=\"79f40d1\" data-element_type=\"widget\" data-e-type=\"widget\" data-widget_type=\"text-editor.default\">\n\t\t\t\t\t\t\t\t\t<h3>Kann ich eine Stellplatz- oder Wohneinheitsnummer ausw\u00e4hlen?<\/h3>\n<p>Bei Reservierungen der Stellpl\u00e4tze wird die Nummer mitgeteilt, wenn Sie direkt \u00fcber unser B\u00fcro und nicht online buchen.<\/p>\n<p>Bei Reservierungen der Wohneinheiten wird die Nummer erst im Moment der Anreise unabh\u00e4ngig von der Buchungsmodalit\u00e4t zugewiesen.<\/p>\n\t\t\t\t\t\t\t\t<\/div>\n\t\t\t\t<div class=\"elementor-element elementor-element-d044937 elementor-widget elementor-widget-text-editor\" data-id=\"d044937\" data-element_type=\"widget\" data-e-type=\"widget\" data-widget_type=\"text-editor.default\">\n\t\t\t\t\t\t\t\t\t<h3>Wo finde ich die Buchungsbedingungen?<\/h3>\n<p>Die vollst\u00e4ndige Liste der Buchungsbedingungen finden Sie auf unserer Webseite unter \u201e<a href=\"https:\/\/www.deifiori.it\/de\/buchen\/buchungsbedingungen\/\">Buchungsbedingungen<\/a>\u201c.<\/p>\n\t\t\t\t\t\t\t\t<\/div>\n\t\t\t\t<div class=\"elementor-element elementor-element-55a69c0 elementor-widget elementor-widget-text-editor\" data-id=\"55a69c0\" data-element_type=\"widget\" data-e-type=\"widget\" data-widget_type=\"text-editor.default\">\n\t\t\t\t\t\t\t\t\t<h3>Wie kann ich die Anzahlung leisten?<\/h3>\n<p>Wenn Sie \u00fcber unser Buchungsb\u00fcro reservieren, finden Sie die Zahlungsmodalit\u00e4ten in der Anzahlungsanfrage, die Sie \u00fcber E-Mail erhalten. Wenn die Reservierung \u00fcber unser Online-System erfolgt, wird die Anzahlung gleichzeitig mit der Buchung \u00fcber Kreditkarte gezahlt. Die Anzahlung betr\u00e4gt etwa 30% des Aufenthalts.<\/p>\n\t\t\t\t\t\t\t\t<\/div>\n\t\t\t\t<div class=\"elementor-element elementor-element-6b1d8ac elementor-widget elementor-widget-text-editor\" data-id=\"6b1d8ac\" data-element_type=\"widget\" data-e-type=\"widget\" data-widget_type=\"text-editor.default\">\n\t\t\t\t\t\t\t\t\t<h3>Wann kann ich den Restbetrag des Aufenthalts bezahlen?<\/h3>\n<p>Sie k\u00f6nnen den Restbetrag des Aufenthalts 24\/48 Stunden vor der Abreise an der Kasse w\u00e4hrend der \u00d6ffnungszeiten bezahlen.<\/p>\n\t\t\t\t\t\t\t\t<\/div>\n\t\t\t\t<div class=\"elementor-element elementor-element-45acdb2 elementor-widget elementor-widget-text-editor\" data-id=\"45acdb2\" data-element_type=\"widget\" data-e-type=\"widget\" data-widget_type=\"text-editor.default\">\n\t\t\t\t\t\t\t\t\t<h3>Welche Zahlungsmethoden werden akzeptiert?<\/h3>\n<p>Sie k\u00f6nnen mit Visa oder Mastercard, EC-Karte oder bar, bis zu dem nach italienischem Recht zul\u00e4ssigen H\u00f6chstbetrag, bezahlen.<\/p>\n<p><span style=\"text-decoration: underline;\"><strong>Es wird gebeten, das Kredit- oder Debitkarten Limit vor der Anreise zu \u00fcberpr\u00fcfen.<\/strong><\/span><\/p>\n\t\t\t\t\t\t\t\t<\/div>\n\t\t\t\t<div class=\"elementor-element elementor-element-2f22a82 elementor-widget elementor-widget-text-editor\" data-id=\"2f22a82\" data-element_type=\"widget\" data-e-type=\"widget\" data-widget_type=\"text-editor.default\">\n\t\t\t\t\t\t\t\t\t<h3>Wer bezahlt die Kurtaxe und wie hoch ist sie?<\/h3>\n<p>Alle G\u00e4ste, unabh\u00e4ngig vom Alter, zahlen die Kurtaxe.<\/p>\n<p>Die G\u00e4ste sind verpflichtet, diese im Moment der Endabrechnung zu begleichen. Ihr Wert wird von der Gemeinde Cavallino Treporti festgelegt (im Jahr 2026 0,80\u20ac pro Person\/Tag, die im Zeitraum zwischen Mai und September erhoben wurden).<\/p>\n\t\t\t\t\t\t\t\t<\/div>\n\t\t\t\t<div class=\"elementor-element elementor-element-ef73789 elementor-widget elementor-widget-text-editor\" data-id=\"ef73789\" data-element_type=\"widget\" data-e-type=\"widget\" data-widget_type=\"text-editor.default\">\n\t\t\t\t\t\t\t\t\t<h3>Wie erfolgt das Einchecken?<\/h3>\n<p>Um die Anmeldung vor Ort zu vereinfachen, sollte der Online-Check-in, der nach Erhalt der Buchungsbest\u00e4tigung m\u00f6glich ist, durch Einloggen in den reservierten Bereich vervollst\u00e4ndigt werden. Einige Tage vor Beginn des Aufenthalts wird eine Erinnerung per E-Mail zugesandt. Alternativ kann das Einchecken auch direkt vor Ort bei der Ankunft erfolgen. Es wird gebeten, mit allen Ausweisen und dem Kennzeichen des Fahrzeugs zur Rezeption zu kommen.<\/p>\n\t\t\t\t\t\t\t\t<\/div>\n\t\t\t\t<div class=\"elementor-element elementor-element-31561f7 elementor-widget elementor-widget-text-editor\" data-id=\"31561f7\" data-element_type=\"widget\" data-e-type=\"widget\" data-widget_type=\"text-editor.default\">\n\t\t\t\t\t\t\t\t\t<h3>Ab welcher Uhrzeit kann ich am Anreisetag einchecken?<\/h3>\n<p>Stellpl\u00e4tze und Wohneinheiten k\u00f6nnen am Anreisetag ab 16.00 Uhr belegt werden.<\/p>\n\t\t\t\t\t\t\t\t<\/div>\n\t\t\t\t<div class=\"elementor-element elementor-element-b1a9d23 elementor-widget elementor-widget-text-editor\" data-id=\"b1a9d23\" data-element_type=\"widget\" data-e-type=\"widget\" data-widget_type=\"text-editor.default\">\n\t\t\t\t\t\t\t\t\t<h3>Wenn ich einen Stellplatz gebucht habe, kann ich vor 16.00 Uhr anreisen?<\/h3>\n<p>Es ist m\u00f6glich, am sp\u00e4ten Vormittag anzukommen und einzuchecken.\u00a0<strong>Der Stellplatz ist auf jeden Fall ab 16.00 Uhr garantiert.\u00a0<\/strong>Sie werden daher gebeten, Ihre Anreise dementsprechend zu planen. Zwischen 13.00 Uhr und 15.00 Uhr ist Ruhezeit und w\u00e4hrend dieser Zeit ist es nicht erlaubt, innerhalb des Camping Village mit Fahrzeugen zu verkehren<strong>.<\/strong><\/p>\n\t\t\t\t\t\t\t\t<\/div>\n\t\t\t\t<div class=\"elementor-element elementor-element-e935467 elementor-widget elementor-widget-text-editor\" data-id=\"e935467\" data-element_type=\"widget\" data-e-type=\"widget\" data-widget_type=\"text-editor.default\">\n\t\t\t\t\t\t\t\t\t<h3>Wenn ich eine Wohneinheit gebucht habe, kann ich vor 16.00 Uhr anreisen?<\/h3>\n<p><strong>Die Wohneinheiten sind ab 16.00 Uhr garantiert.<\/strong>\u00a0Sie werden daher gebeten, Ihre Anreise dementsprechend zu planen.<\/p>\n<p>Es ist jedoch m\u00f6glich, ab 11.00 Uhr anzureisen, einzuchecken, alle Dienstleistungen des Camping Village in Anspruch zu nehmen und, sofern verf\u00fcgbar, den Parkplatz der gebuchten Wohneinheit zu nutzen. Sobald die Wohneinheit fertig ist, erhalten Sie eine SMS. \u00a0Zwischen 13.00 Uhr und 15.00 Uhr ist Ruhezeit und w\u00e4hrend dieser Zeit ist es nicht erlaubt, innerhalb des Camping Village mit Fahrzeugen zu verkehren<strong>.<\/strong><\/p>\n\t\t\t\t\t\t\t\t<\/div>\n\t\t\t\t<div class=\"elementor-element elementor-element-22126b5 elementor-widget elementor-widget-text-editor\" data-id=\"22126b5\" data-element_type=\"widget\" data-e-type=\"widget\" data-widget_type=\"text-editor.default\">\n\t\t\t\t\t\t\t\t\t<h3>Ist es m\u00f6glich, nach 23.00 Uhr anzureisen?<\/h3>\n<p>Die Ankunft nach 23:00 Uhr ist bei Buchungen von Wohneinheiten m\u00f6glich, indem Sie das Auto au\u00dferhalb des Camping Village parken, Ihre Ausweise an das Wachpersonal abgeben und die Schl\u00fcssel der Unterkunft abholen. Am n\u00e4chsten Morgen k\u00f6nnen Sie Ihre Campingp\u00e4sse und Armb\u00e4nder an der Rezeption abholen und Ihr Auto auf den Parkplatz der belegten Unterkunft bringen.<\/p>\n<p>Die Anreise nach 23:00 Uhr ist bei Buchungen von Stellpl\u00e4tzen nicht mehr m\u00f6glich.<\/p>\n\t\t\t\t\t\t\t\t<\/div>\n\t\t\t\t<div class=\"elementor-element elementor-element-664e53c elementor-widget elementor-widget-text-editor\" data-id=\"664e53c\" data-element_type=\"widget\" data-e-type=\"widget\" data-widget_type=\"text-editor.default\">\n\t\t\t\t\t\t\t\t\t<h3>Bis wann muss ich am Abreisetag auschecken und den Stellplatz frei lassen?<\/h3>\n<p>Am Abreisetag sind unsere G\u00e4ste verpflichtet, den Stellplatz bis 12.00 Uhr zu r\u00e4umen, an der Rezeption die Campingp\u00e4sse und die Armb\u00e4nder abzugeben und das Camping Village, auch mit dem Fahrzeug, zu verlassen.<\/p>\n\t\t\t\t\t\t\t\t<\/div>\n\t\t\t\t<div class=\"elementor-element elementor-element-5c620ce elementor-widget elementor-widget-text-editor\" data-id=\"5c620ce\" data-element_type=\"widget\" data-e-type=\"widget\" data-widget_type=\"text-editor.default\">\n\t\t\t\t\t\t\t\t\t<h3>Bis wann muss ich am Abreisetag auschecken und die Wohneinheit r\u00e4umen?<\/h3>\n<p>Am Abreisetag sind unsere G\u00e4ste verpflichtet, die Wohneinheit bis 9.30 Uhr zu r\u00e4umen, an der Rezeption die Campingp\u00e4sse, Armb\u00e4nder und die dazugeh\u00f6rigen <em>Schl\u00fcssel abzugeben und das Camping Village, auch mit dem Fahrzeug, zu verlassen.<\/em><\/p>\n\t\t\t\t\t\t\t\t<\/div>\n\t\t\t\t<div class=\"elementor-element elementor-element-cb18f9a elementor-widget elementor-widget-text-editor\" data-id=\"cb18f9a\" data-element_type=\"widget\" data-e-type=\"widget\" data-widget_type=\"text-editor.default\">\n\t\t\t\t\t\t\t\t\t<h3>Sind t\u00e4gliche Besucher erlaubt?<\/h3>\n<p>T\u00e4gliche Besucher sind nur zugelassen, wenn diese unsere G\u00e4ste besuchen. Tagesbesucher m\u00fcssen sich an der Rezeption anmelden und an der Kasse den Tagestarif laut unserer Preisliste bezahlen.<\/p>\n<p>Die Direktion beh\u00e4lt sich das Recht vor, den Zugang in der Hauptsaison zu beschr\u00e4nken; wir empfehlen Ihnen daher, uns im Voraus zu kontaktieren, um die Zugangsm\u00f6glichkeit zu pr\u00fcfen.<\/p>\n\t\t\t\t\t\t\t\t<\/div>\n\t\t\t\t<div class=\"elementor-element elementor-element-c120151 elementor-widget elementor-widget-spacer\" data-id=\"c120151\" data-element_type=\"widget\" data-e-type=\"widget\" data-widget_type=\"spacer.default\">\n\t\t\t\t\t\t\t<div class=\"elementor-spacer\">\n\t\t\t<div class=\"elementor-spacer-inner\"><\/div>\n\t\t<\/div>\n\t\t\t\t\t\t<\/div>\n\t\t\t\t<div class=\"elementor-element elementor-element-69c1b54 elementor-widget elementor-widget-heading\" data-id=\"69c1b54\" data-element_type=\"widget\" data-e-type=\"widget\" data-widget_type=\"heading.default\">\n\t\t\t\t\t<h2 class=\"elementor-heading-title elementor-size-default\">Wohneinheiten und Stellpl\u00e4tze<\/h2>\t\t\t\t<\/div>\n\t\t\t\t<div class=\"elementor-element elementor-element-3696ad9 elementor-widget-divider--view-line elementor-widget elementor-widget-divider\" data-id=\"3696ad9\" data-element_type=\"widget\" data-e-type=\"widget\" data-widget_type=\"divider.default\">\n\t\t\t\t\t\t\t<div class=\"elementor-divider\">\n\t\t\t<span class=\"elementor-divider-separator\">\n\t\t\t\t\t\t<\/span>\n\t\t<\/div>\n\t\t\t\t\t\t<\/div>\n\t\t\t\t<div class=\"elementor-element elementor-element-e0b3121 elementor-widget elementor-widget-text-editor\" data-id=\"e0b3121\" data-element_type=\"widget\" data-e-type=\"widget\" data-widget_type=\"text-editor.default\">\n\t\t\t\t\t\t\t\t\t<h3>Wo finde ich eine Beschreibung und die Ausstattung der Wohneinheiten?<\/h3>\n<p>Auf unserer Webseite k\u00f6nnen Sie unter \u201eLodging\u201c auf die einzelnen Unterkunftsarten klicken und da finden Sie Ausstattung und Dienstleistungen, eine kurze Beschreibung, sowie eine Fotogalerie, einen Plan der Wohneinheit und eine Mappe der Anlage, auf der Sie sehen k\u00f6nnen, in welchem Bereich sich die jeweilige Unterkunftsart befindet.<\/p>\n\t\t\t\t\t\t\t\t<\/div>\n\t\t\t\t<div class=\"elementor-element elementor-element-d9624ac elementor-widget elementor-widget-text-editor\" data-id=\"d9624ac\" data-element_type=\"widget\" data-e-type=\"widget\" data-widget_type=\"text-editor.default\">\n\t\t\t\t\t\t\t\t\t<h3>Welche Leistungen sind im Preis inbegriffen?<\/h3>\n<p><strong>Wohneinheiten:<\/strong> bis zu 4 Personen inbegriffen, 1 Parkplatz (2 Parkpl\u00e4tze f\u00fcr die Bungalows), Bettw\u00e4sche, Handt\u00fccher (nur f\u00fcr Chalet Natura, Chalet Pineta und Bungalows), Strandservice (1 Sonnenschirm und 2 Liegen, au\u00dfer bei den Caravan Tabbert), Zugang zum Pool, Klimaanlage, Basis-WLAN, Animation und Endreinigung.<\/p>\n<p><span style=\"font-size: 17.6px;\">Bitte beachten Sie, dass die Kurtaxe <\/span><strong style=\"font-size: 17.6px;\">nicht <\/strong><span style=\"font-size: 17.6px;\">\u00a0im Preis inbegriffen ist.<\/span><\/p>\n<p><strong style=\"font-size: 17.6px;\">Stellpl\u00e4tze<\/strong><span style=\"font-size: 17.6px;\">\u00a0inklusive Wasserbe- und -entladung, 10-Ampere-Stromanschluss, Zugang zu den Gemeinschaftseinrichtungen, Zugang zum Pool, Basis-WLAN und Unterhaltung. Der Stellplatz kann mit 1 Wohnmobil + 1 Auto, 1 Wohnwagen + 1 Auto oder 1 Zelt + 1 Auto belegt werden; das \u00dcbernachten im Auto ist nicht gestattet. Die maximale Belegung pro Stellplatz betr\u00e4gt 6 Personen.\u00a0<\/span><\/p>\n<p><span style=\"font-size: 17.6px;\">Bitte beachten Sie, dass die Kurtaxe <\/span><strong style=\"font-size: 17.6px;\">nicht <\/strong><span style=\"font-size: 17.6px;\">\u00a0im Preis inbegriffen ist.<\/span><\/p>\n\t\t\t\t\t\t\t\t<\/div>\n\t\t\t\t<div class=\"elementor-element elementor-element-50e0254 elementor-widget elementor-widget-text-editor\" data-id=\"50e0254\" data-element_type=\"widget\" data-e-type=\"widget\" data-widget_type=\"text-editor.default\">\n\t\t\t\t\t\t\t\t\t<h3>Gibt es Kinderbett, Hochstuhl und Bettgitter in den Wohneinheiten?<\/h3>\n<p>Diese Ausstattung wird kostenlos zur Verf\u00fcgung gestellt und kann bei der Buchung unter Ber\u00fccksichtigung der folgenden Kriterien angefragt werden:<\/p>\n<ul>\n<li>Kinderreisebett f\u00fcr Kinder bis zu maximal 2 Jahren<\/li>\n<li>Hochstuhl f\u00fcr Kinder bis zu maximal 3 Jahren<\/li>\n<li>Bettgitter f\u00fcr Kinder bis zu maximal 4 Jahren<\/li>\n<\/ul>\n<p>F\u00fcr jedes Kind steht entweder\u00a0<u>ein Kinderreisebett oder ein Bettgitter<\/u>\u00a0zur Verf\u00fcgung, nicht beides.<\/p>\n<p>Die genannte Ausstattung wird im Laufe des Sp\u00e4tnachmittags am Anreisetag zur Wohneinheit gebracht.<\/p>\n\t\t\t\t\t\t\t\t<\/div>\n\t\t\t\t<div class=\"elementor-element elementor-element-08dd056 elementor-widget elementor-widget-text-editor\" data-id=\"08dd056\" data-element_type=\"widget\" data-e-type=\"widget\" data-widget_type=\"text-editor.default\">\n\t\t\t\t\t\t\t\t\t<h3>Kann ich Kinderbetten, Hochst\u00fchle und Bettgitter f\u00fcr die Stellpl\u00e4tze mieten?<\/h3>\n<p>Diese Ausstattung wird nur den G\u00e4sten zur Verf\u00fcgung gestellt, die in den Wohneinheiten \u00fcbernachten.<\/p>\n\t\t\t\t\t\t\t\t<\/div>\n\t\t\t\t<div class=\"elementor-element elementor-element-b9496a0 elementor-widget elementor-widget-text-editor\" data-id=\"b9496a0\" data-element_type=\"widget\" data-e-type=\"widget\" data-widget_type=\"text-editor.default\">\n\t\t\t\t\t\t\t\t\t<h3>Wie erhalte ich Handt\u00fccher in den Wohneinheiten?<\/h3>\n<p>Einige Wohneinheiten sind bereits mit Handt\u00fcchern ausgestattet, siehe unter \u201eLodging\u201c auf unserer Webseite.<\/p>\n<p>Falls keine Handt\u00fccher vorhanden sind, k\u00f6nnen diese zum Preis von 6,00 Euro pro Set angefragt werden \u2013 jedes Set enth\u00e4lt ein Duschtuch, ein Gesichtshandtuch und ein G\u00e4stehandtuch.<\/p>\n<p>Handt\u00fccher k\u00f6nnen bei der Buchung oder auch vor Ort ausgeliehen werden.<\/p>\n\t\t\t\t\t\t\t\t<\/div>\n\t\t\t\t<div class=\"elementor-element elementor-element-336be69 elementor-widget elementor-widget-spacer\" data-id=\"336be69\" data-element_type=\"widget\" data-e-type=\"widget\" data-widget_type=\"spacer.default\">\n\t\t\t\t\t\t\t<div class=\"elementor-spacer\">\n\t\t\t<div class=\"elementor-spacer-inner\"><\/div>\n\t\t<\/div>\n\t\t\t\t\t\t<\/div>\n\t\t\t\t<div class=\"elementor-element elementor-element-f4cceef elementor-widget elementor-widget-heading\" data-id=\"f4cceef\" data-element_type=\"widget\" data-e-type=\"widget\" data-widget_type=\"heading.default\">\n\t\t\t\t\t<h2 class=\"elementor-heading-title elementor-size-default\">Camping Village<\/h2>\t\t\t\t<\/div>\n\t\t\t\t<div class=\"elementor-element elementor-element-3bf2bb6 elementor-widget-divider--view-line elementor-widget elementor-widget-divider\" data-id=\"3bf2bb6\" data-element_type=\"widget\" data-e-type=\"widget\" data-widget_type=\"divider.default\">\n\t\t\t\t\t\t\t<div class=\"elementor-divider\">\n\t\t\t<span class=\"elementor-divider-separator\">\n\t\t\t\t\t\t<\/span>\n\t\t<\/div>\n\t\t\t\t\t\t<\/div>\n\t\t\t\t<div class=\"elementor-element elementor-element-3c60f1e elementor-widget elementor-widget-text-editor\" data-id=\"3c60f1e\" data-element_type=\"widget\" data-e-type=\"widget\" data-widget_type=\"text-editor.default\">\n\t\t\t\t\t\t\t\t\t<h3>Wo befindet sich Camping Village Die Fiori?<\/h3>\n<p>Camping Village Dei Fiori liegt in einem \u00fcppigen Pinienwald direkt an der K\u00fcste von Cavallino-Treporti und verf\u00fcgt \u00fcber einen eigenen Strand.<\/p>\n\t\t\t\t\t\t\t\t<\/div>\n\t\t\t\t<div class=\"elementor-element elementor-element-f7c290f elementor-widget elementor-widget-text-editor\" data-id=\"f7c290f\" data-element_type=\"widget\" data-e-type=\"widget\" data-widget_type=\"text-editor.default\">\n\t\t\t\t\t\t\t\t\t<h3>Wie kann ich den Campingplatz mit dem Auto oder mit \u00f6ffentlichen Verkehrsmitteln erreichen?<\/h3>\n<p>Diese Informationen finden Sie auf unserer Webseite unter \u201eKontakte\u201c \/ \u201eAnfahrt\u201c.<\/p>\n\t\t\t\t\t\t\t\t<\/div>\n\t\t\t\t<div class=\"elementor-element elementor-element-1d46f92 elementor-widget elementor-widget-text-editor\" data-id=\"1d46f92\" data-element_type=\"widget\" data-e-type=\"widget\" data-widget_type=\"text-editor.default\">\n\t\t\t\t\t\t\t\t\t<h3>Sind Haustiere akzeptiert?<\/h3>\n<p>Haustiere sind nicht zugelassen, mit Ausnahme von Blindenhunden.<\/p>\n\t\t\t\t\t\t\t\t<\/div>\n\t\t\t\t<div class=\"elementor-element elementor-element-574de07 elementor-widget elementor-widget-text-editor\" data-id=\"574de07\" data-element_type=\"widget\" data-e-type=\"widget\" data-widget_type=\"text-editor.default\">\n\t\t\t\t\t\t\t\t\t<h3>Ist es erlaubt, E-Roller oder andere Elektrofortbewegungsmittel innerhalb des Campings zu nutzen?<\/h3>\n<p>Ab der Saison 2025 wird es nicht mehr gestattet sein, Elektrofahrzeuge innerhalb des Campingplatzes zu benutzen, um die maximale Sicherheit f\u00fcr alle G\u00e4ste zu gew\u00e4hrleisten.<br \/>Ausnahmen gelten f\u00fcr Elektroautos, E- Bikes, sowie f\u00fcr Elektromobile und elektrische Rollst\u00fchle f\u00fcr Menschen mit Behinderungen.<br \/>Alle anderen Elektrofahrzeuge d\u00fcrfen ausschlie\u00dflich au\u00dferhalb des Gel\u00e4ndes genutzt werden.<\/p>\n\t\t\t\t\t\t\t\t<\/div>\n\t\t\t\t<div class=\"elementor-element elementor-element-eb44237 elementor-widget elementor-widget-text-editor\" data-id=\"eb44237\" data-element_type=\"widget\" data-e-type=\"widget\" data-widget_type=\"text-editor.default\">\n\t\t\t\t\t\t\t\t\t<h3>Sind die Pools beheizt?<\/h3>\n<p>Die Pools sind alle beheizbar. Die Temperatur betr\u00e4gt ca. 27\u00b0-28\u00b0, kann aber je nach Wetterbedingungen variieren.<\/p>\n\t\t\t\t\t\t\t\t<\/div>\n\t\t\t\t<div class=\"elementor-element elementor-element-eac11bd elementor-widget elementor-widget-text-editor\" data-id=\"eac11bd\" data-element_type=\"widget\" data-e-type=\"widget\" data-widget_type=\"text-editor.default\">\n\t\t\t\t\t\t\t\t\t<h3>Ist die Benutzung der Badekappe in den Pools obligatorisch?<\/h3>\n<p>In unseren Pools ist die Benutzung der Badekappe nicht erforderlich.<\/p>\n\t\t\t\t\t\t\t\t<\/div>\n\t\t\t\t<div class=\"elementor-element elementor-element-9ae1f91 elementor-widget elementor-widget-text-editor\" data-id=\"9ae1f91\" data-element_type=\"widget\" data-e-type=\"widget\" data-widget_type=\"text-editor.default\">\n\t\t\t\t\t\t\t\t\t<h3>Darf man grillen?<\/h3>\n<p>Grillen ist erlaubt, aber aus Sicherheitsgr\u00fcnden darf nur ein Elektrogrill oder ein Gasgrill mit Campingas-Flaschen benutzt werden (d.h. Grillen ohne offene Flamme und daher keinen Holzkohlengrill). Die Ausr\u00fcstung wird nicht vom Camping Village zur Verf\u00fcgung gestellt.<\/p>\n\t\t\t\t\t\t\t\t<\/div>\n\t\t\t\t<div class=\"elementor-element elementor-element-e9894ba elementor-widget elementor-widget-text-editor\" data-id=\"e9894ba\" data-element_type=\"widget\" data-e-type=\"widget\" data-widget_type=\"text-editor.default\">\n\t\t\t\t\t\t\t\t\t<h3>Kann ich Pakete an den Campingplatz schicken?<\/h3>\n<p>W\u00e4hrend Ihres Aufenthalts k\u00f6nnen Sie sich Pakete an die Adresse des Camping Village Dei Fiori, Via Vettor Pisani 52, I-30013 Cavallino-Treporti (VE) liefern lassen, wobei Sie Ihren Nachnamen, Vornamen und Ihre Wohneinheits- oder Stellplatznummer angeben sollten.<\/p>\n\t\t\t\t\t\t\t\t<\/div>\n\t\t\t\t<div class=\"elementor-element elementor-element-a637edd elementor-widget elementor-widget-text-editor\" data-id=\"a637edd\" data-element_type=\"widget\" data-e-type=\"widget\" data-widget_type=\"text-editor.default\">\n\t\t\t\t\t\t\t\t\t<h3>Gibt es Animation? Ab welchem Alter? Welche Aktivit\u00e4ten gibt es f\u00fcr Kinder und Jugendliche?<\/h3>\n<p>Camping Village Dei Fiori bietet Unterhaltung f\u00fcr jede Altersgruppe. Unser Team erwartet die Kinder (4-12 Jahre) im Kids Club und die Jugendlichen (13-17 Jahre) im Junior Club, um sich den ganzen Tag \u00fcber mit lustigen, dynamischen und kreativen Aktivit\u00e4ten zu vergn\u00fcgen.<\/p>\n<p>Das Wochenprogramm finden Sie im Informationsb\u00fcro (Nr. 6 auf dem Lageplan des Feriendorfes).<\/p>\n\t\t\t\t\t\t\t\t<\/div>\n\t\t\t\t<div class=\"elementor-element elementor-element-6a0bd99 elementor-widget elementor-widget-spacer\" data-id=\"6a0bd99\" data-element_type=\"widget\" data-e-type=\"widget\" data-widget_type=\"spacer.default\">\n\t\t\t\t\t\t\t<div class=\"elementor-spacer\">\n\t\t\t<div class=\"elementor-spacer-inner\"><\/div>\n\t\t<\/div>\n\t\t\t\t\t\t<\/div>\n\t\t\t\t<div class=\"elementor-element elementor-element-7316f57 elementor-widget elementor-widget-heading\" data-id=\"7316f57\" data-element_type=\"widget\" data-e-type=\"widget\" data-widget_type=\"heading.default\">\n\t\t\t\t\t<h2 class=\"elementor-heading-title elementor-size-default\">Servizi<\/h2>\t\t\t\t<\/div>\n\t\t\t\t<div class=\"elementor-element elementor-element-40ed97f elementor-widget-divider--view-line elementor-widget elementor-widget-divider\" data-id=\"40ed97f\" data-element_type=\"widget\" data-e-type=\"widget\" data-widget_type=\"divider.default\">\n\t\t\t\t\t\t\t<div class=\"elementor-divider\">\n\t\t\t<span class=\"elementor-divider-separator\">\n\t\t\t\t\t\t<\/span>\n\t\t<\/div>\n\t\t\t\t\t\t<\/div>\n\t\t\t\t<div class=\"elementor-element elementor-element-6cfc0b9 elementor-widget elementor-widget-text-editor\" data-id=\"6cfc0b9\" data-element_type=\"widget\" data-e-type=\"widget\" data-widget_type=\"text-editor.default\">\n\t\t\t\t\t\t\t\t\t<h3>Welche Ausfl\u00fcge sind empfehlenswert?<\/h3>\n<p>Sie k\u00f6nnen unsere Webseite unter \u201eErlebnisse\u201c besuchen oder sich an unser Informationsb\u00fcro (Nr. 6 auf dem Lageplan des Feriendorfes) wenden, um die Sch\u00f6nheiten der Gegend zu entdecken. Im Informationsb\u00fcro haben Sie au\u00dferdem die M\u00f6glichkeit, unterschiedliche Ausfl\u00fcge zu buchen.<\/p>\n\t\t\t\t\t\t\t\t<\/div>\n\t\t\t\t<div class=\"elementor-element elementor-element-8449c88 elementor-widget elementor-widget-text-editor\" data-id=\"8449c88\" data-element_type=\"widget\" data-e-type=\"widget\" data-widget_type=\"text-editor.default\">\n\t\t\t\t\t\t\t\t\t<h3>Wo kann ich Fahrkarten f\u00fcr die \u00f6ffentlichen Verkehrsmittel kaufen?<\/h3>\n<p>Im Informationsb\u00fcro (Nr. 6 auf dem Lageplan des Feriendorfes).<\/p>\n\t\t\t\t\t\t\t\t<\/div>\n\t\t\t\t<div class=\"elementor-element elementor-element-2899a66 elementor-widget elementor-widget-text-editor\" data-id=\"2899a66\" data-element_type=\"widget\" data-e-type=\"widget\" data-widget_type=\"text-editor.default\">\n\t\t\t\t\t\t\t\t\t<h3>Wie kann ich w\u00e4hrend der \u00d6ffnungszeit des Camping Village einen Tisch im Restaurant reservieren?<\/h3>\n<p>Sie k\u00f6nnen direkt im Restaurant nachfragen (Nr. 3 auf dem Lageplan des Feriendorfes).<\/p>\n\t\t\t\t\t\t\t\t<\/div>\n\t\t\t\t<div class=\"elementor-element elementor-element-e3fd2e5 elementor-widget elementor-widget-text-editor\" data-id=\"e3fd2e5\" data-element_type=\"widget\" data-e-type=\"widget\" data-widget_type=\"text-editor.default\">\n\t\t\t\t\t\t\t\t\t<h3>Wird Halbpension angeboten?<\/h3>\n<p>Es ist weder Halbpension noch Vollpension vorgesehen.<\/p>\n\t\t\t\t\t\t\t\t<\/div>\n\t\t\t\t<div class=\"elementor-element elementor-element-157c7f4 elementor-widget elementor-widget-text-editor\" data-id=\"157c7f4\" data-element_type=\"widget\" data-e-type=\"widget\" data-widget_type=\"text-editor.default\">\n\t\t\t\t\t\t\t\t\t<h3>Wie kann ich eine Massage reservieren?<\/h3>\n<p>Sie k\u00f6nnen sich an unser Informationsb\u00fcro wenden (Nr. 6 auf dem Lageplan des Feriendorfes).<\/p>\n\t\t\t\t\t\t\t\t<\/div>\n\t\t\t\t<div class=\"elementor-element elementor-element-587cc4d elementor-widget elementor-widget-text-editor\" data-id=\"587cc4d\" data-element_type=\"widget\" data-e-type=\"widget\" data-widget_type=\"text-editor.default\">\n\t\t\t\t\t\t\t\t\t<h3>Wie kann ich ein Fahrrad ausleihen?<\/h3>\n<p>Fahrr\u00e4der k\u00f6nnen direkt in unserem \u201eBasar\u201c ausgeliehen werden (Nr. 12 auf dem Lageplan des Feriendorfes).<\/p>\n\t\t\t\t\t\t\t\t<\/div>\n\t\t\t\t<div class=\"elementor-element elementor-element-f7708c4 elementor-widget elementor-widget-text-editor\" data-id=\"f7708c4\" data-element_type=\"widget\" data-e-type=\"widget\" data-widget_type=\"text-editor.default\">\n\t\t\t\t\t\t\t\t\t<h3>Wie kann ich ein Kindersitz f\u00fcr das Fahrrad ausleihen?<\/h3>\n<p>Kindersitze k\u00f6nnen in unserem \u201eBasar\u201c ausgeliehen werden (Nr. 5 auf dem Lageplan des Feriendorfes).<\/p>\n\t\t\t\t\t\t\t\t<\/div>\n\t\t\t\t<div class=\"elementor-element elementor-element-d884e46 elementor-widget elementor-widget-text-editor\" data-id=\"d884e46\" data-element_type=\"widget\" data-e-type=\"widget\" data-widget_type=\"text-editor.default\">\n\t\t\t\t\t\t\t\t\t<h3>Wie kann ich Liegen und Sonnenschirme am Strand ausleihen?<\/h3>\n<p>Bei den Wohneinheiten sind 1 Sonnenschirm und 2 Liegen im Preis inbegriffen, au\u00dfer bei den Caravan Tabbert.<\/p>\n<p>Sonnenschirme und Liegen k\u00f6nnen sowohl vor der Anreise als auch an der Rezeption je nach Verf\u00fcgbarkeit zu dem in unserer Preisliste angegebenen Tarif gemietet werden.<\/p>\n\t\t\t\t\t\t\t\t<\/div>\n\t\t\t\t<div class=\"elementor-element elementor-element-a65659a elementor-widget elementor-widget-text-editor\" data-id=\"a65659a\" data-element_type=\"widget\" data-e-type=\"widget\" data-widget_type=\"text-editor.default\">\n\t\t\t\t\t\t\t\t\t<h3>Ist es m\u00f6glich, K\u00fchlf\u00e4cher zu mieten?<\/h3>\n<p>Die K\u00fchlf\u00e4cher befinden sich in der Sanit\u00e4ranlage Nr. 13 auf dem Lageplan des Feriendorfes und k\u00f6nnen im Informationsb\u00fcro (Nr. 6) gemietet werden.<\/p>\n\t\t\t\t\t\t\t\t<\/div>\n\t\t\t\t<div class=\"elementor-element elementor-element-5af102f elementor-widget elementor-widget-text-editor\" data-id=\"5af102f\" data-element_type=\"widget\" data-e-type=\"widget\" data-widget_type=\"text-editor.default\">\n\t\t\t\t\t\t\t\t\t<h3>Ist es m\u00f6glich, einen K\u00fchlschrank zu mieten?<\/h3>\n<p>Wir haben keinen Verleih vor Ort, aber Sie k\u00f6nnen sich an das Informationsb\u00fcro wenden, das Ihnen beim Verleih in Fachgesch\u00e4ften in der Umgebung helfen wird.<\/p>\n\t\t\t\t\t\t\t\t<\/div>\n\t\t\t\t<div class=\"elementor-element elementor-element-49f3712 elementor-widget elementor-widget-text-editor\" data-id=\"49f3712\" data-element_type=\"widget\" data-e-type=\"widget\" data-widget_type=\"text-editor.default\">\n\t\t\t\t\t\t\t\t\t<h3>Ist es m\u00f6glich, Elektroautos im Camping Village aufzuladen?<\/h3>\n<p>Es gibt vier Ladestationen f\u00fcr Elektroautos im Camping Village. Der Service ist kostenpflichtig.<\/p>\n\t\t\t\t\t\t\t\t<\/div>\n\t\t\t\t<div class=\"elementor-element elementor-element-ab9bf09 elementor-widget elementor-widget-text-editor\" data-id=\"ab9bf09\" data-element_type=\"widget\" data-e-type=\"widget\" data-widget_type=\"text-editor.default\">\n\t\t\t\t\t\t\t\t\t<h3>Wie ist die WLAN-Abdeckung?<\/h3>\n<p>Durch die weitl\u00e4ufige Gestaltung des Camping Village mit seiner \u00fcppigen Vegetation und den zahlreichen B\u00e4umen kann die Signalqualit\u00e4t beeintr\u00e4chtigt sein.<br \/>Daher steht WLAN nicht in allen Bereichen des Campingplatzes und nicht in den Wohneinheiten zur Verf\u00fcgung.<\/p>\n\t\t\t\t\t\t\t\t<\/div>\n\t\t\t\t<div class=\"elementor-element elementor-element-1fdb999 elementor-widget elementor-widget-text-editor\" data-id=\"1fdb999\" data-element_type=\"widget\" data-e-type=\"widget\" data-widget_type=\"text-editor.default\">\n\t\t\t\t\t\t\t\t\t<h3>Wo finde ich das WLAN- Passwort?<\/h3>\n<p>Auf den beim Einchecken ausgeh\u00e4ndigten Campingp\u00e4ssen finden Sie die Zugangsdaten.<\/p>\n\t\t\t\t\t\t\t\t<\/div>\n\t\t\t\t<div class=\"elementor-element elementor-element-f28f603 elementor-widget elementor-widget-text-editor\" data-id=\"f28f603\" data-element_type=\"widget\" data-e-type=\"widget\" data-widget_type=\"text-editor.default\">\n\t\t\t\t\t\t\t\t\t<h3>Werden Schwimmkurse organisiert?<\/h3>\n<p>Schwimmkurse finden in unserem Pool statt. Zeitplan und Kosten erhalten Sie bei unserem Informationsb\u00fcro.<\/p>\n\t\t\t\t\t\t\t\t<\/div>\n\t\t\t\t<div class=\"elementor-element elementor-element-364a0bd elementor-widget elementor-widget-text-editor\" data-id=\"364a0bd\" data-element_type=\"widget\" data-e-type=\"widget\" data-widget_type=\"text-editor.default\">\n\t\t\t\t\t\t\t\t\t<h3>Gibt es einen Arzt?<\/h3>\n<p>Ein Privatarzt ist t\u00e4glich etwa von Ende Mai bis Anfang September neben der Rezeption verf\u00fcgbar. Sie k\u00f6nnen sich w\u00e4hrend Ihres Aufenthalts an die Rezeption wenden, um die Sprechstunden zu erfahren und weitere Informationen einzuholen.<\/p>\n\t\t\t\t\t\t\t\t<\/div>\n\t\t\t\t<div class=\"elementor-element elementor-element-047d0d4 elementor-widget elementor-widget-text-editor\" data-id=\"047d0d4\" data-element_type=\"widget\" data-e-type=\"widget\" data-widget_type=\"text-editor.default\">\n\t\t\t\t\t\t\t\t\t<h3>Gibt es Gesch\u00e4fte, Lebensmittelgesch\u00e4fte oder andere Dienstleistungen?<\/h3><br><ul>\r\n \t<li>Restaurant, Bar und Eisdiele (Nr. 3 auf dem Lageplan des Feriendorfes);<\/li>\r\n \t<li>Supermarkt und Obst- und Gem\u00fcsegesch\u00e4ft (Nr. 2);<\/li>\r\n \t<li>Friseursalon und Masseur (Nr. 4);<\/li>\r\n \t<li>Basar\/Zeitungen\/Tabakwaren (Nr. 5);<\/li>\r\n \t<li>Fahrradverleih (Nr. 12);<\/li>\r\n \t<li>Schwimmschule Nr. 9);<\/li>\r\n \t<li>Surfschule (Nr. 10);<\/li>\r\n \t<li>Tauchschule beim\u00a0<u>Camping Village Mediterraneo;<\/u><\/li>\r\n \t<li>Autow\u00e4sche;<\/li>\r\n \t<li>Camping Service;<\/li>\r\n \t<li>Ladestation f\u00fcr Elektroautos.\u00a0<u>Es ist nicht erlaubt, Autos an der Stroms\u00e4ule des Stellplatzes oder an der Steckdose der Wohneinheit aufzuladen.<\/u><\/li>\r\n<\/ul>\t\t\t\t\t\t\t\t<\/div>\n\t\t\t\t<div class=\"elementor-element elementor-element-35d0adc elementor-widget elementor-widget-text-editor\" data-id=\"35d0adc\" data-element_type=\"widget\" data-e-type=\"widget\" data-widget_type=\"text-editor.default\">\n\t\t\t\t\t\t\t\t\t<h3>Ist es m\u00f6glich, glutenfreie, vegane und vegetarische Lebensmittel und Produkte in den Restaurants und im Supermarkt zu finden?<\/h3>\n<p>Sowohl im Supermarkt als auch in den Restaurants gibt es glutenfreie, vegetarische und vegane Alternativen. Besondere Anforderungen k\u00f6nnen direkt vor Ort gekl\u00e4rt werden.<\/p>\n\t\t\t\t\t\t\t\t<\/div>\n\t\t\t\t<div class=\"elementor-element elementor-element-233fa02 elementor-widget elementor-widget-text-editor\" data-id=\"233fa02\" data-element_type=\"widget\" data-e-type=\"widget\" data-widget_type=\"text-editor.default\">\n\t\t\t\t\t\t\t\t\t<h3>Gibt es einen Fitnessraum im Camping Village?<\/h3>\n<p>Sie k\u00f6nnen auch im Urlaub in unserem Fitness-Centre trainieren, das mit modernen, hochwertigen Tecnogym-Sportger\u00e4ten ausgestattet ist. Der Zutritt ist kostenfrei und f\u00fcr Personen ab 16 Jahren erlaubt. Angemessene Kleidung, saubere Turnschuhe und ein Handtuch sind Voraussetzung. Vor dem Betreten des Fitness-Centre ist es erforderlich, in unserem Informationsb\u00fcro einen Haftungsausschluss zu unterzeichnen.<\/p>\n\t\t\t\t\t\t\t\t<\/div>\n\t\t\t\t\t<\/div>\n\t\t\t\t<\/div>\n\t\t<div class=\"elementor-element elementor-element-75957b8 e-flex e-con-boxed e-con e-parent\" data-id=\"75957b8\" data-element_type=\"container\" data-e-type=\"container\">\n\t\t\t\t\t<div class=\"e-con-inner\">\n\t\t\t\t<div class=\"elementor-element elementor-element-ff4a18b elementor-widget elementor-widget-spacer\" data-id=\"ff4a18b\" data-element_type=\"widget\" data-e-type=\"widget\" data-widget_type=\"spacer.default\">\n\t\t\t\t\t\t\t<div class=\"elementor-spacer\">\n\t\t\t<div class=\"elementor-spacer-inner\"><\/div>\n\t\t<\/div>\n\t\t\t\t\t\t<\/div>\n\t\t\t\t\t<\/div>\n\t\t\t\t<\/div>\n\t\t\t\t<\/div>\n\t\t","protected":false},"excerpt":{"rendered":"<p>Informationen und Reservierungen Reservierungen \/ Einchecken \/ Auschecken Wie kann ich eine Reservierung vornehmen? Alle Stellpl\u00e4tze und Wohneinheiten k\u00f6nnen \u00fcber unser Online-Booking System oder \u00fcber das Booking Office unter der Nummer +39 041 966 448 oder an der E-Mail\u00a0\u00a0fiori@vacanze-natura.it\u00a0 gebucht werden. Kann ich eine Stellplatz- oder Wohneinheitsnummer ausw\u00e4hlen? Bei Reservierungen der Stellpl\u00e4tze wird die Nummer [&hellip;]<\/p>\n","protected":false},"author":1,"featured_media":5936,"parent":6478,"menu_order":50,"comment_status":"closed","ping_status":"closed","template":"elementor_header_footer","meta":{"_acf_changed":false,"footnotes":""},"class_list":["post-6488","page","type-page","status-publish","has-post-thumbnail","hentry"],"acf":[],"yoast_head":"<!-- This site is optimized with the Yoast SEO plugin v27.1.1 - https:\/\/yoast.com\/product\/yoast-seo-wordpress\/ -->\n<title>FAQ - Camping Village Dei Fiori<\/title>\n<meta name=\"robots\" content=\"index, follow, max-snippet:-1, max-image-preview:large, max-video-preview:-1\" \/>\n<link rel=\"canonical\" href=\"https:\/\/www.deifiori.it\/de\/buchen\/faq\/\" \/>\n<meta property=\"og:locale\" content=\"de_DE\" \/>\n<meta property=\"og:type\" content=\"article\" \/>\n<meta property=\"og:title\" content=\"FAQ - Camping Village Dei Fiori\" \/>\n<meta property=\"og:description\" content=\"Informationen und Reservierungen Reservierungen \/ Einchecken \/ Auschecken Wie kann ich eine Reservierung vornehmen? Alle Stellpl\u00e4tze und Wohneinheiten k\u00f6nnen \u00fcber unser Online-Booking System oder \u00fcber das Booking Office unter der Nummer +39 041 966 448 oder an der E-Mail\u00a0\u00a0fiori@vacanze-natura.it\u00a0 gebucht werden. Kann ich eine Stellplatz- oder Wohneinheitsnummer ausw\u00e4hlen? Bei Reservierungen der Stellpl\u00e4tze wird die Nummer [&hellip;]\" \/>\n<meta property=\"og:url\" content=\"https:\/\/www.deifiori.it\/de\/buchen\/faq\/\" \/>\n<meta property=\"og:site_name\" content=\"Camping Village Dei Fiori\" \/>\n<meta property=\"article:publisher\" content=\"https:\/\/www.facebook.com\/DeiFioriCamping\" \/>\n<meta property=\"article:modified_time\" content=\"2026-04-03T14:01:37+00:00\" \/>\n<meta property=\"og:image\" content=\"https:\/\/www.deifiori.it\/wp-content\/uploads\/2025\/11\/1-Camping-Villaggio-Dei-Fiori-Campeggio-Campingplatz-Cavallino.jpg\" \/>\n\t<meta property=\"og:image:width\" content=\"1600\" \/>\n\t<meta property=\"og:image:height\" content=\"1000\" \/>\n\t<meta property=\"og:image:type\" content=\"image\/jpeg\" \/>\n<meta name=\"twitter:card\" content=\"summary_large_image\" \/>\n<meta name=\"twitter:label1\" content=\"Gesch\u00e4tzte Lesezeit\" \/>\n\t<meta name=\"twitter:data1\" content=\"10\u00a0Minuten\" \/>\n<script type=\"application\/ld+json\" class=\"yoast-schema-graph\">{\"@context\":\"https:\/\/schema.org\",\"@graph\":[{\"@type\":\"WebPage\",\"@id\":\"https:\/\/www.deifiori.it\/de\/buchen\/faq\/\",\"url\":\"https:\/\/www.deifiori.it\/de\/buchen\/faq\/\",\"name\":\"FAQ - Camping Village Dei Fiori\",\"isPartOf\":{\"@id\":\"https:\/\/www.deifiori.it\/de\/#website\"},\"primaryImageOfPage\":{\"@id\":\"https:\/\/www.deifiori.it\/de\/buchen\/faq\/#primaryimage\"},\"image\":{\"@id\":\"https:\/\/www.deifiori.it\/de\/buchen\/faq\/#primaryimage\"},\"thumbnailUrl\":\"https:\/\/www.deifiori.it\/wp-content\/uploads\/2025\/11\/1-Camping-Villaggio-Dei-Fiori-Campeggio-Campingplatz-Cavallino.jpg\",\"datePublished\":\"2025-11-12T12:33:23+00:00\",\"dateModified\":\"2026-04-03T14:01:37+00:00\",\"breadcrumb\":{\"@id\":\"https:\/\/www.deifiori.it\/de\/buchen\/faq\/#breadcrumb\"},\"inLanguage\":\"de\",\"potentialAction\":[{\"@type\":\"ReadAction\",\"target\":[\"https:\/\/www.deifiori.it\/de\/buchen\/faq\/\"]}]},{\"@type\":\"ImageObject\",\"inLanguage\":\"de\",\"@id\":\"https:\/\/www.deifiori.it\/de\/buchen\/faq\/#primaryimage\",\"url\":\"https:\/\/www.deifiori.it\/wp-content\/uploads\/2025\/11\/1-Camping-Villaggio-Dei-Fiori-Campeggio-Campingplatz-Cavallino.jpg\",\"contentUrl\":\"https:\/\/www.deifiori.it\/wp-content\/uploads\/2025\/11\/1-Camping-Villaggio-Dei-Fiori-Campeggio-Campingplatz-Cavallino.jpg\",\"width\":1600,\"height\":1000},{\"@type\":\"BreadcrumbList\",\"@id\":\"https:\/\/www.deifiori.it\/de\/buchen\/faq\/#breadcrumb\",\"itemListElement\":[{\"@type\":\"ListItem\",\"position\":1,\"name\":\"Home\",\"item\":\"https:\/\/www.deifiori.it\/de\/\"},{\"@type\":\"ListItem\",\"position\":2,\"name\":\"Buchen\",\"item\":\"https:\/\/www.deifiori.it\/de\/buchen\/\"},{\"@type\":\"ListItem\",\"position\":3,\"name\":\"FAQ\"}]},{\"@type\":\"WebSite\",\"@id\":\"https:\/\/www.deifiori.it\/de\/#website\",\"url\":\"https:\/\/www.deifiori.it\/de\/\",\"name\":\"Camping Village Dei Fiori\",\"description\":\"Il Camping a Cavallino per tutta la famiglia!\",\"publisher\":{\"@id\":\"https:\/\/www.deifiori.it\/de\/#organization\"},\"potentialAction\":[{\"@type\":\"SearchAction\",\"target\":{\"@type\":\"EntryPoint\",\"urlTemplate\":\"https:\/\/www.deifiori.it\/de\/?s={search_term_string}\"},\"query-input\":{\"@type\":\"PropertyValueSpecification\",\"valueRequired\":true,\"valueName\":\"search_term_string\"}}],\"inLanguage\":\"de\"},{\"@type\":\"Organization\",\"@id\":\"https:\/\/www.deifiori.it\/de\/#organization\",\"name\":\"Camping Village Dei Fiori\",\"url\":\"https:\/\/www.deifiori.it\/de\/\",\"logo\":{\"@type\":\"ImageObject\",\"inLanguage\":\"de\",\"@id\":\"https:\/\/www.deifiori.it\/de\/#\/schema\/logo\/image\/\",\"url\":\"https:\/\/www.deifiori.it\/wp-content\/uploads\/2025\/10\/F_orizzontale-stretto_logo_colori.png\",\"contentUrl\":\"https:\/\/www.deifiori.it\/wp-content\/uploads\/2025\/10\/F_orizzontale-stretto_logo_colori.png\",\"width\":1038,\"height\":313,\"caption\":\"Camping Village Dei Fiori\"},\"image\":{\"@id\":\"https:\/\/www.deifiori.it\/de\/#\/schema\/logo\/image\/\"},\"sameAs\":[\"https:\/\/www.facebook.com\/DeiFioriCamping\",\"https:\/\/www.instagram.com\/deifioricamping\/\",\"http:\/\/www.tripadvisor.it\/Hotel_Review-g194724-d238939-Reviews-Camping_Village_Dei_Fiori-Cavallino_Treporti_Veneto.html\"]}]}<\/script>\n<!-- \/ Yoast SEO plugin. -->","yoast_head_json":{"title":"FAQ - Camping Village Dei Fiori","robots":{"index":"index","follow":"follow","max-snippet":"max-snippet:-1","max-image-preview":"max-image-preview:large","max-video-preview":"max-video-preview:-1"},"canonical":"https:\/\/www.deifiori.it\/de\/buchen\/faq\/","og_locale":"de_DE","og_type":"article","og_title":"FAQ - Camping Village Dei Fiori","og_description":"Informationen und Reservierungen Reservierungen \/ Einchecken \/ Auschecken Wie kann ich eine Reservierung vornehmen? Alle Stellpl\u00e4tze und Wohneinheiten k\u00f6nnen \u00fcber unser Online-Booking System oder \u00fcber das Booking Office unter der Nummer +39 041 966 448 oder an der E-Mail\u00a0\u00a0fiori@vacanze-natura.it\u00a0 gebucht werden. Kann ich eine Stellplatz- oder Wohneinheitsnummer ausw\u00e4hlen? Bei Reservierungen der Stellpl\u00e4tze wird die Nummer [&hellip;]","og_url":"https:\/\/www.deifiori.it\/de\/buchen\/faq\/","og_site_name":"Camping Village Dei Fiori","article_publisher":"https:\/\/www.facebook.com\/DeiFioriCamping","article_modified_time":"2026-04-03T14:01:37+00:00","og_image":[{"width":1600,"height":1000,"url":"https:\/\/www.deifiori.it\/wp-content\/uploads\/2025\/11\/1-Camping-Villaggio-Dei-Fiori-Campeggio-Campingplatz-Cavallino.jpg","type":"image\/jpeg"}],"twitter_card":"summary_large_image","twitter_misc":{"Gesch\u00e4tzte Lesezeit":"10\u00a0Minuten"},"schema":{"@context":"https:\/\/schema.org","@graph":[{"@type":"WebPage","@id":"https:\/\/www.deifiori.it\/de\/buchen\/faq\/","url":"https:\/\/www.deifiori.it\/de\/buchen\/faq\/","name":"FAQ - Camping Village Dei Fiori","isPartOf":{"@id":"https:\/\/www.deifiori.it\/de\/#website"},"primaryImageOfPage":{"@id":"https:\/\/www.deifiori.it\/de\/buchen\/faq\/#primaryimage"},"image":{"@id":"https:\/\/www.deifiori.it\/de\/buchen\/faq\/#primaryimage"},"thumbnailUrl":"https:\/\/www.deifiori.it\/wp-content\/uploads\/2025\/11\/1-Camping-Villaggio-Dei-Fiori-Campeggio-Campingplatz-Cavallino.jpg","datePublished":"2025-11-12T12:33:23+00:00","dateModified":"2026-04-03T14:01:37+00:00","breadcrumb":{"@id":"https:\/\/www.deifiori.it\/de\/buchen\/faq\/#breadcrumb"},"inLanguage":"de","potentialAction":[{"@type":"ReadAction","target":["https:\/\/www.deifiori.it\/de\/buchen\/faq\/"]}]},{"@type":"ImageObject","inLanguage":"de","@id":"https:\/\/www.deifiori.it\/de\/buchen\/faq\/#primaryimage","url":"https:\/\/www.deifiori.it\/wp-content\/uploads\/2025\/11\/1-Camping-Villaggio-Dei-Fiori-Campeggio-Campingplatz-Cavallino.jpg","contentUrl":"https:\/\/www.deifiori.it\/wp-content\/uploads\/2025\/11\/1-Camping-Villaggio-Dei-Fiori-Campeggio-Campingplatz-Cavallino.jpg","width":1600,"height":1000},{"@type":"BreadcrumbList","@id":"https:\/\/www.deifiori.it\/de\/buchen\/faq\/#breadcrumb","itemListElement":[{"@type":"ListItem","position":1,"name":"Home","item":"https:\/\/www.deifiori.it\/de\/"},{"@type":"ListItem","position":2,"name":"Buchen","item":"https:\/\/www.deifiori.it\/de\/buchen\/"},{"@type":"ListItem","position":3,"name":"FAQ"}]},{"@type":"WebSite","@id":"https:\/\/www.deifiori.it\/de\/#website","url":"https:\/\/www.deifiori.it\/de\/","name":"Camping Village Dei Fiori","description":"Il Camping a Cavallino per tutta la famiglia!","publisher":{"@id":"https:\/\/www.deifiori.it\/de\/#organization"},"potentialAction":[{"@type":"SearchAction","target":{"@type":"EntryPoint","urlTemplate":"https:\/\/www.deifiori.it\/de\/?s={search_term_string}"},"query-input":{"@type":"PropertyValueSpecification","valueRequired":true,"valueName":"search_term_string"}}],"inLanguage":"de"},{"@type":"Organization","@id":"https:\/\/www.deifiori.it\/de\/#organization","name":"Camping Village Dei Fiori","url":"https:\/\/www.deifiori.it\/de\/","logo":{"@type":"ImageObject","inLanguage":"de","@id":"https:\/\/www.deifiori.it\/de\/#\/schema\/logo\/image\/","url":"https:\/\/www.deifiori.it\/wp-content\/uploads\/2025\/10\/F_orizzontale-stretto_logo_colori.png","contentUrl":"https:\/\/www.deifiori.it\/wp-content\/uploads\/2025\/10\/F_orizzontale-stretto_logo_colori.png","width":1038,"height":313,"caption":"Camping Village Dei Fiori"},"image":{"@id":"https:\/\/www.deifiori.it\/de\/#\/schema\/logo\/image\/"},"sameAs":["https:\/\/www.facebook.com\/DeiFioriCamping","https:\/\/www.instagram.com\/deifioricamping\/","http:\/\/www.tripadvisor.it\/Hotel_Review-g194724-d238939-Reviews-Camping_Village_Dei_Fiori-Cavallino_Treporti_Veneto.html"]}]}},"_links":{"self":[{"href":"https:\/\/www.deifiori.it\/de\/wp-json\/wp\/v2\/pages\/6488","targetHints":{"allow":["GET"]}}],"collection":[{"href":"https:\/\/www.deifiori.it\/de\/wp-json\/wp\/v2\/pages"}],"about":[{"href":"https:\/\/www.deifiori.it\/de\/wp-json\/wp\/v2\/types\/page"}],"author":[{"embeddable":true,"href":"https:\/\/www.deifiori.it\/de\/wp-json\/wp\/v2\/users\/1"}],"replies":[{"embeddable":true,"href":"https:\/\/www.deifiori.it\/de\/wp-json\/wp\/v2\/comments?post=6488"}],"version-history":[{"count":10,"href":"https:\/\/www.deifiori.it\/de\/wp-json\/wp\/v2\/pages\/6488\/revisions"}],"predecessor-version":[{"id":9157,"href":"https:\/\/www.deifiori.it\/de\/wp-json\/wp\/v2\/pages\/6488\/revisions\/9157"}],"up":[{"embeddable":true,"href":"https:\/\/www.deifiori.it\/de\/wp-json\/wp\/v2\/pages\/6478"}],"wp:featuredmedia":[{"embeddable":true,"href":"https:\/\/www.deifiori.it\/de\/wp-json\/wp\/v2\/media\/5936"}],"wp:attachment":[{"href":"https:\/\/www.deifiori.it\/de\/wp-json\/wp\/v2\/media?parent=6488"}],"curies":[{"name":"wp","href":"https:\/\/api.w.org\/{rel}","templated":true}]}}