{"id":7027,"date":"2025-11-20T16:13:03","date_gmt":"2025-11-20T15:13:03","guid":{"rendered":"https:\/\/www.deifiori.it\/por-fesr-anruf\/"},"modified":"2026-01-28T15:05:52","modified_gmt":"2026-01-28T14:05:52","slug":"por-fesr-anruf","status":"publish","type":"page","link":"https:\/\/www.deifiori.it\/de\/por-fesr-anruf\/","title":{"rendered":"POR FESR Anruf"},"content":{"rendered":"\t\t<div data-elementor-type=\"wp-page\" data-elementor-id=\"7027\" class=\"elementor elementor-7027 elementor-2939\" data-elementor-post-type=\"page\">\n\t\t\t\t<div class=\"elementor-element elementor-element-36556a1 e-flex e-con-boxed e-con e-parent\" data-id=\"36556a1\" data-element_type=\"container\" data-e-type=\"container\" data-settings=\"{&quot;background_background&quot;:&quot;classic&quot;}\">\n\t\t\t\t\t<div class=\"e-con-inner\">\n\t\t\t\t\t<\/div>\n\t\t\t\t<\/div>\n\t\t<div class=\"elementor-element elementor-element-608a3bb e-flex e-con-boxed e-con e-parent\" data-id=\"608a3bb\" data-element_type=\"container\" data-e-type=\"container\">\n\t\t\t\t\t<div class=\"e-con-inner\">\n\t\t\t\t<div class=\"elementor-element elementor-element-85c7440 elementor-widget elementor-widget-spacer\" data-id=\"85c7440\" data-element_type=\"widget\" data-e-type=\"widget\" data-widget_type=\"spacer.default\">\n\t\t\t\t\t\t\t<div class=\"elementor-spacer\">\n\t\t\t<div class=\"elementor-spacer-inner\"><\/div>\n\t\t<\/div>\n\t\t\t\t\t\t<\/div>\n\t\t\t\t\t<\/div>\n\t\t\t\t<\/div>\n\t\t<div class=\"elementor-element elementor-element-64e2806 e-flex e-con-boxed e-con e-parent\" data-id=\"64e2806\" data-element_type=\"container\" data-e-type=\"container\">\n\t\t\t\t\t<div class=\"e-con-inner\">\n\t\t\t\t<div class=\"elementor-element elementor-element-498014f elementor-widget elementor-widget-image\" data-id=\"498014f\" data-element_type=\"widget\" data-e-type=\"widget\" data-widget_type=\"image.default\">\n\t\t\t\t\t\t\t\t\t\t\t\t\t\t\t<img fetchpriority=\"high\" decoding=\"async\" width=\"500\" height=\"426\" src=\"https:\/\/www.deifiori.it\/wp-content\/uploads\/2025\/11\/POR-FESR_01_LOGO_Colori_Verticale.png\" class=\"attachment-large size-large wp-image-6221\" alt=\"\" srcset=\"https:\/\/www.deifiori.it\/wp-content\/uploads\/2025\/11\/POR-FESR_01_LOGO_Colori_Verticale.png 500w, https:\/\/www.deifiori.it\/wp-content\/uploads\/2025\/11\/POR-FESR_01_LOGO_Colori_Verticale-320x273.png 320w\" sizes=\"(max-width: 500px) 100vw, 500px\" \/>\t\t\t\t\t\t\t\t\t\t\t\t\t\t\t<\/div>\n\t\t\t\t<div class=\"elementor-element elementor-element-9d99b13 elementor-widget elementor-widget-image\" data-id=\"9d99b13\" data-element_type=\"widget\" data-e-type=\"widget\" data-widget_type=\"image.default\">\n\t\t\t\t\t\t\t\t\t\t\t\t\t\t\t<img decoding=\"async\" width=\"500\" height=\"251\" src=\"https:\/\/www.deifiori.it\/wp-content\/uploads\/2025\/11\/POR-FESR_00_Claim-generico.png\" class=\"attachment-large size-large wp-image-6220\" alt=\"\" srcset=\"https:\/\/www.deifiori.it\/wp-content\/uploads\/2025\/11\/POR-FESR_00_Claim-generico.png 500w, https:\/\/www.deifiori.it\/wp-content\/uploads\/2025\/11\/POR-FESR_00_Claim-generico-320x161.png 320w\" sizes=\"(max-width: 500px) 100vw, 500px\" \/>\t\t\t\t\t\t\t\t\t\t\t\t\t\t\t<\/div>\n\t\t\t\t\t<\/div>\n\t\t\t\t<\/div>\n\t\t<div class=\"elementor-element elementor-element-809631d e-flex e-con-boxed e-con e-parent\" data-id=\"809631d\" data-element_type=\"container\" data-e-type=\"container\">\n\t\t\t\t\t<div class=\"e-con-inner\">\n\t\t\t\t<div class=\"elementor-element elementor-element-aae66a6 elementor-widget elementor-widget-spacer\" data-id=\"aae66a6\" data-element_type=\"widget\" data-e-type=\"widget\" data-widget_type=\"spacer.default\">\n\t\t\t\t\t\t\t<div class=\"elementor-spacer\">\n\t\t\t<div class=\"elementor-spacer-inner\"><\/div>\n\t\t<\/div>\n\t\t\t\t\t\t<\/div>\n\t\t\t\t\t<\/div>\n\t\t\t\t<\/div>\n\t\t<div class=\"elementor-element elementor-element-d020e74 e-flex e-con-boxed e-con e-parent\" data-id=\"d020e74\" data-element_type=\"container\" data-e-type=\"container\">\n\t\t\t\t\t<div class=\"e-con-inner\">\n\t\t\t\t<div class=\"elementor-element elementor-element-45e4ef7 elementor-widget elementor-widget-heading\" data-id=\"45e4ef7\" data-element_type=\"widget\" data-e-type=\"widget\" data-widget_type=\"heading.default\">\n\t\t\t\t\t<h1 class=\"elementor-heading-title elementor-size-default\">Cavallino-Treporti: Europ\u00e4ische Open-Air-Hauptstadt<\/h1>\t\t\t\t<\/div>\n\t\t\t\t\t<\/div>\n\t\t\t\t<\/div>\n\t\t<div class=\"elementor-element elementor-element-8096be0 e-flex e-con-boxed e-con e-parent\" data-id=\"8096be0\" data-element_type=\"container\" data-e-type=\"container\">\n\t\t\t\t\t<div class=\"e-con-inner\">\n\t\t\t\t<div class=\"elementor-element elementor-element-be87eaa elementor-widget elementor-widget-spacer\" data-id=\"be87eaa\" data-element_type=\"widget\" data-e-type=\"widget\" data-widget_type=\"spacer.default\">\n\t\t\t\t\t\t\t<div class=\"elementor-spacer\">\n\t\t\t<div class=\"elementor-spacer-inner\"><\/div>\n\t\t<\/div>\n\t\t\t\t\t\t<\/div>\n\t\t\t\t\t<\/div>\n\t\t\t\t<\/div>\n\t\t<div class=\"elementor-element elementor-element-3570d49 e-flex e-con-boxed e-con e-parent\" data-id=\"3570d49\" data-element_type=\"container\" data-e-type=\"container\">\n\t\t\t\t\t<div class=\"e-con-inner\">\n\t\t\t\t<div class=\"elementor-element elementor-element-7ffdb17 elementor-widget elementor-widget-text-editor\" data-id=\"7ffdb17\" data-element_type=\"widget\" data-e-type=\"widget\" data-widget_type=\"text-editor.default\">\n\t\t\t\t\t\t\t\t\t<p>Das Projekt ist auf die Aufwertung der Tourismusdestination Cavallino-Treporti ausgerichtet, insbesondere auf den Ausbau und die Konsolidierung des Zusammenschlusses der repr\u00e4sentativsten Unternehmen des Ortes, die im Konsortium zur Tourismusf\u00f6rderung \u201eParco Turistico di Cavallino-Treporti\u201c vereint sind.<\/p>\n<p>Der Start des Projekts geht auf die von den beteiligten Akteuren geteilte Entwicklungs-, Webungs- und Innovationsstrategie zur\u00fcck. Hauptziel ist es, neben dem bereits etablierten Badetourismus neue Produktarten aufzuwerten, die mit dem \u201eOpen-Air-Erlebnis\u201c verbunden sind. Dies ist nicht nur durch die vorherrschende Pr\u00e4senz von Open-Air-Beherbergungsbetrieben bedingt, sondern wird als Lebensphilosophie verstanden, die ihren nat\u00fcrlichen Ausdruck in allen charakteristischen Faktoren des Gebiets findet.<\/p>\n<p>Cavallino-Treporti besteht n\u00e4mlich nicht nur aus Meer und weiten Str\u00e4nden, sondern bietet eine ganze Reihe von Natursch\u00f6nheiten, die es bekannt zu machen und aufzuwerten gilt: die Lagune, die Natur, die zahlreichen Aktivit\u00e4ten, die man in der Region aus\u00fcben kann \u2013 wie Radtourismus, Wanderwege, Bootsfahrten, Wassersport im Allgemeinen \u2013, das Freilichtmuseum, die historischen D\u00f6rfer, die Gem\u00fcseg\u00e4rten und alles, was dem Gast Inspiration bieten kann.<\/p>\n<p>F\u00fcr die Entwicklung des Produkts im Bereich des Slow &amp; Green-Tourismus und zur Erreichung der entsprechenden Ziele sah das Projekt spezifische Ma\u00dfnahmen zur Verkaufsf\u00f6rderung, Reputation und Bekanntheit vor. Dies geschah sowohl mit traditionellen Instrumenten wie Fernsehspots, der Veranstaltung von \u201eSole 24 Ore\u201c und der ausl\u00e4ndischen Fachpresse, als auch mit reinen Online-Instrumenten \u00fcber die Website, soziale Netzwerke, die Nutzung innovativer Plattformen sowie die Einbindung von Influencern oder Travel-Bloggern.<\/p>\n<p>Die verschiedenen Ma\u00dfnahmen haben es erm\u00f6glicht, Cavallino-Treporti als \u201enachhaltiges Reiseziel\u201c unter \u00f6konomischen, \u00f6kologischen und sozialen Gesichtspunkten aufzuwerten, auch dank der Hervorhebung der UNESCO-Marke des Ortes.<\/p>\n<p>All dies hat zu wichtigen Effekten f\u00fcr die gesamte Destination gef\u00fchrt, wie die Saisonentlastung des Angebots und eine Zunahme der Touristenstr\u00f6me dank neuer Marktnischen. Dar\u00fcber hinaus wirkt sich das Projekt positiv auf die Besch\u00e4ftigungszahlen und die unternehmerische Entwicklung der Betriebe aus, durch eine effiziente Ressourcennutzung und eine nachhaltige Bewirtschaftung des Naturkapitals und des kulturellen Erbes.<\/p>\n<p><strong>Ma\u00dfnahme realisiert unter Inanspruchnahme der Finanzierung durch das Complementary Operational Programme (POC) zum POR FESR 2014-2020 der Region Venetien. ACHSE 3 \u201eWettbewerbsf\u00e4higkeit der Produktionssysteme\u201c Aktion 3.3.4 \u201eUnterst\u00fctzung der Wettbewerbsf\u00e4higkeit von Unternehmen in Tourismusdestinationen durch Ma\u00dfnahmen zur Qualifizierung des Angebots sowie zur strategischen und organisatorischen Produkt-\/Dienstleistungsinnovation\u201c \u2013 Unteraktion D \u201eF\u00f6rderung\u201c<\/strong><\/p>\n<p><strong>Gesamtf\u00f6rderung von 566.535,40 \u20ac bei einem Gesamtprojektvolumen von 718.544,00 \u20ac. Gew\u00e4hrte Unterst\u00fctzung an S.A.I.T. Societ\u00e0 Adriatica Investimenti Turistici S.r.l. in H\u00f6he von 51.126,45 \u20ac.<\/strong><\/p>\n\t\t\t\t\t\t\t\t<\/div>\n\t\t\t\t\t<\/div>\n\t\t\t\t<\/div>\n\t\t\t\t<\/div>\n\t\t","protected":false},"excerpt":{"rendered":"<p>Cavallino-Treporti: Europ\u00e4ische Open-Air-Hauptstadt Das Projekt ist auf die Aufwertung der Tourismusdestination Cavallino-Treporti ausgerichtet, insbesondere auf den Ausbau und die Konsolidierung des Zusammenschlusses der repr\u00e4sentativsten Unternehmen des Ortes, die im Konsortium zur Tourismusf\u00f6rderung \u201eParco Turistico di Cavallino-Treporti\u201c vereint sind. Der Start des Projekts geht auf die von den beteiligten Akteuren geteilte Entwicklungs-, Webungs- und Innovationsstrategie zur\u00fcck. [&hellip;]<\/p>\n","protected":false},"author":3,"featured_media":6170,"parent":0,"menu_order":7,"comment_status":"closed","ping_status":"closed","template":"","meta":{"_acf_changed":false,"footnotes":""},"class_list":["post-7027","page","type-page","status-publish","has-post-thumbnail","hentry"],"acf":[],"yoast_head":"<!-- This site is optimized with the Yoast SEO plugin v27.1.1 - https:\/\/yoast.com\/product\/yoast-seo-wordpress\/ -->\n<title>POR FESR Anruf - Camping Village Dei Fiori<\/title>\n<meta name=\"robots\" content=\"index, follow, max-snippet:-1, max-image-preview:large, max-video-preview:-1\" \/>\n<link rel=\"canonical\" href=\"https:\/\/www.deifiori.it\/de\/por-fesr-anruf\/\" \/>\n<meta property=\"og:locale\" content=\"de_DE\" \/>\n<meta property=\"og:type\" content=\"article\" \/>\n<meta property=\"og:title\" content=\"POR FESR Anruf - Camping Village Dei Fiori\" \/>\n<meta property=\"og:description\" content=\"Cavallino-Treporti: Europ\u00e4ische Open-Air-Hauptstadt Das Projekt ist auf die Aufwertung der Tourismusdestination Cavallino-Treporti ausgerichtet, insbesondere auf den Ausbau und die Konsolidierung des Zusammenschlusses der repr\u00e4sentativsten Unternehmen des Ortes, die im Konsortium zur Tourismusf\u00f6rderung \u201eParco Turistico di Cavallino-Treporti\u201c vereint sind. Der Start des Projekts geht auf die von den beteiligten Akteuren geteilte Entwicklungs-, Webungs- und Innovationsstrategie zur\u00fcck. [&hellip;]\" \/>\n<meta property=\"og:url\" content=\"https:\/\/www.deifiori.it\/de\/por-fesr-anruf\/\" \/>\n<meta property=\"og:site_name\" content=\"Camping Village Dei Fiori\" \/>\n<meta property=\"article:publisher\" content=\"https:\/\/www.facebook.com\/DeiFioriCamping\" \/>\n<meta property=\"article:modified_time\" content=\"2026-01-28T14:05:52+00:00\" \/>\n<meta property=\"og:image\" content=\"https:\/\/www.deifiori.it\/wp-content\/uploads\/2025\/11\/POR-FESR_01_LOGO_Colori_Verticale.png\" \/>\n\t<meta property=\"og:image:width\" content=\"500\" \/>\n\t<meta property=\"og:image:height\" content=\"426\" \/>\n\t<meta property=\"og:image:type\" content=\"image\/png\" \/>\n<meta name=\"twitter:card\" content=\"summary_large_image\" \/>\n<meta name=\"twitter:label1\" content=\"Gesch\u00e4tzte Lesezeit\" \/>\n\t<meta name=\"twitter:data1\" content=\"2\u00a0Minuten\" \/>\n<script type=\"application\/ld+json\" class=\"yoast-schema-graph\">{\"@context\":\"https:\/\/schema.org\",\"@graph\":[{\"@type\":\"WebPage\",\"@id\":\"https:\/\/www.deifiori.it\/de\/por-fesr-anruf\/\",\"url\":\"https:\/\/www.deifiori.it\/de\/por-fesr-anruf\/\",\"name\":\"POR FESR Anruf - Camping Village Dei Fiori\",\"isPartOf\":{\"@id\":\"https:\/\/www.deifiori.it\/de\/#website\"},\"primaryImageOfPage\":{\"@id\":\"https:\/\/www.deifiori.it\/de\/por-fesr-anruf\/#primaryimage\"},\"image\":{\"@id\":\"https:\/\/www.deifiori.it\/de\/por-fesr-anruf\/#primaryimage\"},\"thumbnailUrl\":\"https:\/\/www.deifiori.it\/wp-content\/uploads\/2025\/11\/1-Camping-Villaggio-Dei-Fiori-Campeggio-Campingplatz-Cavallino-1.jpg\",\"datePublished\":\"2025-11-20T15:13:03+00:00\",\"dateModified\":\"2026-01-28T14:05:52+00:00\",\"breadcrumb\":{\"@id\":\"https:\/\/www.deifiori.it\/de\/por-fesr-anruf\/#breadcrumb\"},\"inLanguage\":\"de\",\"potentialAction\":[{\"@type\":\"ReadAction\",\"target\":[\"https:\/\/www.deifiori.it\/de\/por-fesr-anruf\/\"]}]},{\"@type\":\"ImageObject\",\"inLanguage\":\"de\",\"@id\":\"https:\/\/www.deifiori.it\/de\/por-fesr-anruf\/#primaryimage\",\"url\":\"https:\/\/www.deifiori.it\/wp-content\/uploads\/2025\/11\/1-Camping-Villaggio-Dei-Fiori-Campeggio-Campingplatz-Cavallino-1.jpg\",\"contentUrl\":\"https:\/\/www.deifiori.it\/wp-content\/uploads\/2025\/11\/1-Camping-Villaggio-Dei-Fiori-Campeggio-Campingplatz-Cavallino-1.jpg\",\"width\":1600,\"height\":1000},{\"@type\":\"BreadcrumbList\",\"@id\":\"https:\/\/www.deifiori.it\/de\/por-fesr-anruf\/#breadcrumb\",\"itemListElement\":[{\"@type\":\"ListItem\",\"position\":1,\"name\":\"Home\",\"item\":\"https:\/\/www.deifiori.it\/de\/\"},{\"@type\":\"ListItem\",\"position\":2,\"name\":\"POR FESR Anruf\"}]},{\"@type\":\"WebSite\",\"@id\":\"https:\/\/www.deifiori.it\/de\/#website\",\"url\":\"https:\/\/www.deifiori.it\/de\/\",\"name\":\"Camping Village Dei Fiori\",\"description\":\"Il Camping a Cavallino per tutta la famiglia!\",\"publisher\":{\"@id\":\"https:\/\/www.deifiori.it\/de\/#organization\"},\"potentialAction\":[{\"@type\":\"SearchAction\",\"target\":{\"@type\":\"EntryPoint\",\"urlTemplate\":\"https:\/\/www.deifiori.it\/de\/?s={search_term_string}\"},\"query-input\":{\"@type\":\"PropertyValueSpecification\",\"valueRequired\":true,\"valueName\":\"search_term_string\"}}],\"inLanguage\":\"de\"},{\"@type\":\"Organization\",\"@id\":\"https:\/\/www.deifiori.it\/de\/#organization\",\"name\":\"Camping Village Dei Fiori\",\"url\":\"https:\/\/www.deifiori.it\/de\/\",\"logo\":{\"@type\":\"ImageObject\",\"inLanguage\":\"de\",\"@id\":\"https:\/\/www.deifiori.it\/de\/#\/schema\/logo\/image\/\",\"url\":\"https:\/\/www.deifiori.it\/wp-content\/uploads\/2025\/10\/F_orizzontale-stretto_logo_colori.png\",\"contentUrl\":\"https:\/\/www.deifiori.it\/wp-content\/uploads\/2025\/10\/F_orizzontale-stretto_logo_colori.png\",\"width\":1038,\"height\":313,\"caption\":\"Camping Village Dei Fiori\"},\"image\":{\"@id\":\"https:\/\/www.deifiori.it\/de\/#\/schema\/logo\/image\/\"},\"sameAs\":[\"https:\/\/www.facebook.com\/DeiFioriCamping\",\"https:\/\/www.instagram.com\/deifioricamping\/\",\"http:\/\/www.tripadvisor.it\/Hotel_Review-g194724-d238939-Reviews-Camping_Village_Dei_Fiori-Cavallino_Treporti_Veneto.html\"]}]}<\/script>\n<!-- \/ Yoast SEO plugin. -->","yoast_head_json":{"title":"POR FESR Anruf - Camping Village Dei Fiori","robots":{"index":"index","follow":"follow","max-snippet":"max-snippet:-1","max-image-preview":"max-image-preview:large","max-video-preview":"max-video-preview:-1"},"canonical":"https:\/\/www.deifiori.it\/de\/por-fesr-anruf\/","og_locale":"de_DE","og_type":"article","og_title":"POR FESR Anruf - Camping Village Dei Fiori","og_description":"Cavallino-Treporti: Europ\u00e4ische Open-Air-Hauptstadt Das Projekt ist auf die Aufwertung der Tourismusdestination Cavallino-Treporti ausgerichtet, insbesondere auf den Ausbau und die Konsolidierung des Zusammenschlusses der repr\u00e4sentativsten Unternehmen des Ortes, die im Konsortium zur Tourismusf\u00f6rderung \u201eParco Turistico di Cavallino-Treporti\u201c vereint sind. Der Start des Projekts geht auf die von den beteiligten Akteuren geteilte Entwicklungs-, Webungs- und Innovationsstrategie zur\u00fcck. [&hellip;]","og_url":"https:\/\/www.deifiori.it\/de\/por-fesr-anruf\/","og_site_name":"Camping Village Dei Fiori","article_publisher":"https:\/\/www.facebook.com\/DeiFioriCamping","article_modified_time":"2026-01-28T14:05:52+00:00","og_image":[{"width":500,"height":426,"url":"https:\/\/www.deifiori.it\/wp-content\/uploads\/2025\/11\/POR-FESR_01_LOGO_Colori_Verticale.png","type":"image\/png"}],"twitter_card":"summary_large_image","twitter_misc":{"Gesch\u00e4tzte Lesezeit":"2\u00a0Minuten"},"schema":{"@context":"https:\/\/schema.org","@graph":[{"@type":"WebPage","@id":"https:\/\/www.deifiori.it\/de\/por-fesr-anruf\/","url":"https:\/\/www.deifiori.it\/de\/por-fesr-anruf\/","name":"POR FESR Anruf - Camping Village Dei Fiori","isPartOf":{"@id":"https:\/\/www.deifiori.it\/de\/#website"},"primaryImageOfPage":{"@id":"https:\/\/www.deifiori.it\/de\/por-fesr-anruf\/#primaryimage"},"image":{"@id":"https:\/\/www.deifiori.it\/de\/por-fesr-anruf\/#primaryimage"},"thumbnailUrl":"https:\/\/www.deifiori.it\/wp-content\/uploads\/2025\/11\/1-Camping-Villaggio-Dei-Fiori-Campeggio-Campingplatz-Cavallino-1.jpg","datePublished":"2025-11-20T15:13:03+00:00","dateModified":"2026-01-28T14:05:52+00:00","breadcrumb":{"@id":"https:\/\/www.deifiori.it\/de\/por-fesr-anruf\/#breadcrumb"},"inLanguage":"de","potentialAction":[{"@type":"ReadAction","target":["https:\/\/www.deifiori.it\/de\/por-fesr-anruf\/"]}]},{"@type":"ImageObject","inLanguage":"de","@id":"https:\/\/www.deifiori.it\/de\/por-fesr-anruf\/#primaryimage","url":"https:\/\/www.deifiori.it\/wp-content\/uploads\/2025\/11\/1-Camping-Villaggio-Dei-Fiori-Campeggio-Campingplatz-Cavallino-1.jpg","contentUrl":"https:\/\/www.deifiori.it\/wp-content\/uploads\/2025\/11\/1-Camping-Villaggio-Dei-Fiori-Campeggio-Campingplatz-Cavallino-1.jpg","width":1600,"height":1000},{"@type":"BreadcrumbList","@id":"https:\/\/www.deifiori.it\/de\/por-fesr-anruf\/#breadcrumb","itemListElement":[{"@type":"ListItem","position":1,"name":"Home","item":"https:\/\/www.deifiori.it\/de\/"},{"@type":"ListItem","position":2,"name":"POR FESR Anruf"}]},{"@type":"WebSite","@id":"https:\/\/www.deifiori.it\/de\/#website","url":"https:\/\/www.deifiori.it\/de\/","name":"Camping Village Dei Fiori","description":"Il Camping a Cavallino per tutta la famiglia!","publisher":{"@id":"https:\/\/www.deifiori.it\/de\/#organization"},"potentialAction":[{"@type":"SearchAction","target":{"@type":"EntryPoint","urlTemplate":"https:\/\/www.deifiori.it\/de\/?s={search_term_string}"},"query-input":{"@type":"PropertyValueSpecification","valueRequired":true,"valueName":"search_term_string"}}],"inLanguage":"de"},{"@type":"Organization","@id":"https:\/\/www.deifiori.it\/de\/#organization","name":"Camping Village Dei Fiori","url":"https:\/\/www.deifiori.it\/de\/","logo":{"@type":"ImageObject","inLanguage":"de","@id":"https:\/\/www.deifiori.it\/de\/#\/schema\/logo\/image\/","url":"https:\/\/www.deifiori.it\/wp-content\/uploads\/2025\/10\/F_orizzontale-stretto_logo_colori.png","contentUrl":"https:\/\/www.deifiori.it\/wp-content\/uploads\/2025\/10\/F_orizzontale-stretto_logo_colori.png","width":1038,"height":313,"caption":"Camping Village Dei Fiori"},"image":{"@id":"https:\/\/www.deifiori.it\/de\/#\/schema\/logo\/image\/"},"sameAs":["https:\/\/www.facebook.com\/DeiFioriCamping","https:\/\/www.instagram.com\/deifioricamping\/","http:\/\/www.tripadvisor.it\/Hotel_Review-g194724-d238939-Reviews-Camping_Village_Dei_Fiori-Cavallino_Treporti_Veneto.html"]}]}},"_links":{"self":[{"href":"https:\/\/www.deifiori.it\/de\/wp-json\/wp\/v2\/pages\/7027","targetHints":{"allow":["GET"]}}],"collection":[{"href":"https:\/\/www.deifiori.it\/de\/wp-json\/wp\/v2\/pages"}],"about":[{"href":"https:\/\/www.deifiori.it\/de\/wp-json\/wp\/v2\/types\/page"}],"author":[{"embeddable":true,"href":"https:\/\/www.deifiori.it\/de\/wp-json\/wp\/v2\/users\/3"}],"replies":[{"embeddable":true,"href":"https:\/\/www.deifiori.it\/de\/wp-json\/wp\/v2\/comments?post=7027"}],"version-history":[{"count":1,"href":"https:\/\/www.deifiori.it\/de\/wp-json\/wp\/v2\/pages\/7027\/revisions"}],"predecessor-version":[{"id":7028,"href":"https:\/\/www.deifiori.it\/de\/wp-json\/wp\/v2\/pages\/7027\/revisions\/7028"}],"wp:featuredmedia":[{"embeddable":true,"href":"https:\/\/www.deifiori.it\/de\/wp-json\/wp\/v2\/media\/6170"}],"wp:attachment":[{"href":"https:\/\/www.deifiori.it\/de\/wp-json\/wp\/v2\/media?parent=7027"}],"curies":[{"name":"wp","href":"https:\/\/api.w.org\/{rel}","templated":true}]}}